{"id":2228,"date":"2025-02-11T00:15:50","date_gmt":"2025-02-10T23:15:50","guid":{"rendered":"https:\/\/www.gemzse.hu\/?page_id=2228"},"modified":"2025-02-11T00:15:51","modified_gmt":"2025-02-10T23:15:51","slug":"iii-gazdalkodasi-adatok","status":"publish","type":"page","link":"https:\/\/www.gemzse.hu\/?page_id=2228","title":{"rendered":"III. Gazd\u00e1lkod\u00e1si adatok"},"content":{"rendered":"\n\n\n<table style=\"border-collapse: collapse; width: 100%; height: 523px;\">\n<tbody>\n<tr>\n<td style=\"width: 3.80952%; vertical-align: middle; text-align: center; height: 70px; background-color: #c9dbff;\">1.<\/td>\n<td style=\"width: 96.0714%; height: 70px; background-color: #c9dbff;\">A k\u00f6zfeladatot ell\u00e1t\u00f3 szerv \u00e9ves k\u00f6lts\u00e9gvet\u00e9se, sz\u00e1mviteli t\u00f6rv\u00e9ny szerint besz\u00e1mol\u00f3ja vagy \u00e9ves k\u00f6lts\u00e9gvet\u00e9s besz\u00e1mol\u00f3ja<\/td>\n<\/tr>\n<tr style=\"height: 15px;\">\n<td style=\"width: 3.80952%; height: 23px; vertical-align: middle; text-align: center;\">\u00a0<\/td>\n<td style=\"width: 96.0714%; height: 23px;\">\u00a0<\/td>\n<\/tr>\n<tr style=\"height: 23px;\">\n<td style=\"width: 3.80952%; height: 23px; vertical-align: middle; text-align: center; background-color: #ffe4c9;\">2.<\/td>\n<td style=\"width: 96.0714%; height: 23px; background-color: #ffe4c9;\">A k\u00f6zfeladatot ell\u00e1t\u00f3 szervn\u00e9l foglalkoztatottak l\u00e9tsz\u00e1m\u00e1ra \u00e9s szem\u00e9lyi juttat\u00e1saira vonatkoz\u00f3 \u00f6sszes\u00edtett adatok, illetve \u00f6sszes\u00edtve a vezet\u0151k \u00e9s vezet\u0151 tiszts\u00e9gvisel\u0151k illetm\u00e9nye, munkab\u00e9re, \u00e9s rendszeres juttat\u00e1sai, valamint k\u00f6lts\u00e9gt\u00e9r\u00edt\u00e9se, az egy\u00e9b alkalmazottaknak ny\u00fajtott juttat\u00e1sok fajt\u00e1ja \u00e9s m\u00e9rt\u00e9ke \u00f6sszes\u00edtve<\/td>\n<\/tr>\n<tr style=\"height: 10px;\">\n<td style=\"width: 3.80952%; height: 23px; vertical-align: middle; text-align: center;\">\u00a0<\/td>\n<td style=\"width: 96.0714%; height: 23px;\">\u00a0<\/td>\n<\/tr>\n<tr style=\"height: 23px;\">\n<td style=\"width: 3.80952%; height: 23px; vertical-align: middle; text-align: center; background-color: #c9dbff;\">3.<\/td>\n<td style=\"width: 96.0714%; height: 23px; background-color: #c9dbff;\">A k\u00f6zfeladatot ell\u00e1t\u00f3 szerv k\u00f6lts\u00e9gvet\u00e9s\u00e9b\u0151l ny\u00fajtott, nem normat\u00edv, c\u00e9ljelleg\u0171, m\u0171k\u00f6d\u00e9si \u00e9s fejleszt\u00e9si t\u00e1mogat\u00e1sok kedvezm\u00e9nyezettjeinek nev\u00e9re, a t\u00e1mogat\u00e1s c\u00e9lj\u00e1ra, \u00f6sszeg\u00e9re, tov\u00e1bb\u00e1 a t\u00e1mogat\u00e1si program megval\u00f3s\u00edt\u00e1si hely\u00e9re vonatkoz\u00f3 adatok<\/td>\n<\/tr>\n<tr style=\"height: 10px;\">\n<td style=\"width: 3.80952%; height: 23px; vertical-align: middle; text-align: center;\">\u00a0<\/td>\n<td style=\"width: 96.0714%; height: 23px;\">\u00a0<\/td>\n<\/tr>\n<tr style=\"height: 23px;\">\n<td style=\"width: 3.80952%; height: 23px; vertical-align: middle; text-align: center; background-color: #ffe4c9;\">4.<\/td>\n<td style=\"width: 96.0714%; height: 23px; background-color: #ffe4c9;\">Az \u00e1llamh\u00e1ztart\u00e1s p\u00e9nzeszk\u00f6zei felhaszn\u00e1l\u00e1s\u00e1val, az \u00e1llamh\u00e1ztart\u00e1shoz tartoz\u00f3 vagyonnal t\u00f6rt\u00e9n\u0151 gazd\u00e1lkod\u00e1ssal \u00f6sszef\u00fcgg\u0151, \u00f6tmilli\u00f3 forintot el\u00e9r\u0151 vagy azt meghalad\u00f3 \u00e9rt\u00e9k\u0171 \u00e1rubeszerz\u00e9sre, \u00e9p\u00edt\u00e9si beruh\u00e1z\u00e1sra, szolg\u00e1ltat\u00e1s megrendel\u00e9sre, vagyon\u00e9rt\u00e9kes\u00edt\u00e9sre, vagyonhasznos\u00edt\u00e1sra, vagyon vagy vagyoni \u00e9rt\u00e9k\u0171 jog \u00e1tad\u00e1s\u00e1ra, valamint koncesszi\u00f3ba ad\u00e1sra vonatkoz\u00f3 szerz\u0151d\u00e9sek megnevez\u00e9se (t\u00edpusa), t\u00e1rgya, a szerz\u0151d\u00e9st k\u00f6t\u0151 felek neve, a szerz\u0151d\u00e9s \u00e9rt\u00e9ke, hat\u00e1rozott id\u0151re k\u00f6t\u00f6tt szerz\u0151d\u00e9s eset\u00e9ben annak id\u0151tartama<\/td>\n<\/tr>\n<tr style=\"height: 10px;\">\n<td style=\"width: 3.80952%; height: 23px; vertical-align: middle; text-align: center;\">\u00a0<\/td>\n<td style=\"width: 96.0714%; height: 23px;\">\u00a0<\/td>\n<\/tr>\n<tr style=\"height: 16px;\">\n<td style=\"width: 3.80952%; height: 16px; vertical-align: middle; text-align: center; background-color: #c9dbff;\">5.<\/td>\n<td style=\"width: 96.0714%; height: 16px; background-color: #c9dbff;\">A koncesszi\u00f3r\u00f3l sz\u00f3l\u00f3 t\u00f6rv\u00e9nyben meghat\u00e1rozott nyilv\u00e1nos adatok (p\u00e1ly\u00e1zati ki\u00edr\u00e1sok, p\u00e1ly\u00e1z\u00f3k adatai, az elb\u00edr\u00e1l\u00e1sr\u00f3l k\u00e9sz\u00edtett eml\u00e9keztet\u0151k, p\u00e1ly\u00e1zat eredm\u00e9nye) (az \u00f6nkorm\u00e1nyzatra ez nem vonatkozik)<\/td>\n<\/tr>\n<tr style=\"height: 10px;\">\n<td style=\"width: 3.80952%; height: 23px; vertical-align: middle; text-align: center;\">\u00a0<\/td>\n<td style=\"width: 96.0714%; height: 23px;\">\u00a0<\/td>\n<\/tr>\n<tr style=\"height: 23px;\">\n<td style=\"width: 3.80952%; vertical-align: middle; text-align: center; height: 23px; background-color: #ffe4c9;\">6.<\/td>\n<td style=\"width: 96.0714%; height: 23px; background-color: #ffe4c9;\">A k\u00f6zfeladatot ell\u00e1t\u00f3 szerv \u00e1ltal nem alapfeladatai ell\u00e1t\u00e1s\u00e1ra (\u00edgy k\u00fcl\u00f6n\u00f6sen egyes\u00fclet t\u00e1mogat\u00e1s\u00e1ra, foglalkoztatottai szakmai \u00e9s munkav\u00e1llal\u00f3i \u00e9rdek-k\u00e9pviseleti szervei sz\u00e1m\u00e1ra, foglalkoztatottjai, ell\u00e1tottjai oktat\u00e1si, kultur\u00e1lis, szoci\u00e1lis \u00e9s sporttev\u00e9kenys\u00e9get seg\u00edt\u0151 szervezet t\u00e1mogat\u00e1s\u00e1ra, alap\u00edtv\u00e1nyok \u00e1ltal ell\u00e1tott feladatokkal \u00f6sszef\u00fcgg\u0151 kifizet\u00e9sre) ford\u00edtott, \u00f6tmilli\u00f3 forintot meghalad\u00f3 kifizet\u00e9sek<\/td>\n<\/tr>\n<tr style=\"height: 10px;\">\n<td style=\"width: 3.80952%; vertical-align: middle; text-align: center; height: 23px;\">\u00a0<\/td>\n<td style=\"width: 96.0714%; height: 23px;\">\u00a0<\/td>\n<\/tr>\n<tr style=\"height: 23px;\">\n<td style=\"width: 3.80952%; vertical-align: middle; text-align: center; height: 23px; background-color: #c9dbff;\">7.<\/td>\n<td style=\"width: 96.0714%; height: 23px; background-color: #c9dbff;\">Az Eur\u00f3pai Uni\u00f3 t\u00e1mogat\u00e1s\u00e1val megval\u00f3sul\u00f3 fejleszt\u00e9sek le\u00edr\u00e1sa, az azokra vonatkoz\u00f3 szerz\u0151d\u00e9sek<\/td>\n<\/tr>\n<tr style=\"height: 23px;\">\n<td style=\"width: 3.80952%; vertical-align: middle; text-align: center; height: 23px;\">\u00a0<\/td>\n<td style=\"width: 96.0714%; height: 23px;\">\u00a0<\/td>\n<\/tr>\n<tr style=\"height: 23px;\">\n<td style=\"width: 3.80952%; vertical-align: middle; text-align: center; height: 23px; background-color: #ffe4c9;\">8<\/td>\n<td style=\"width: 96.0714%; height: 23px; background-color: #ffe4c9;\">K\u00f6zbeszerz\u00e9si inform\u00e1ci\u00f3k (\u00e9ves terv, \u00f6sszegz\u00e9s az aj\u00e1nlatok elb\u00edr\u00e1l\u00e1s\u00e1r\u00f3l, a megk\u00f6t\u00f6tt szerz\u0151d\u00e9sekr\u0151l)<\/td>\n<\/tr>\n<\/tbody>\n<\/table>\n","protected":false},"excerpt":{"rendered":"","protected":false},"author":1,"featured_media":0,"parent":0,"menu_order":0,"comment_status":"closed","ping_status":"closed","template":"","meta":{"footnotes":""},"class_list":["post-2228","page","type-page","status-publish","hentry","nodate","item-wrap"],"_links":{"self":[{"href":"https:\/\/www.gemzse.hu\/index.php?rest_route=\/wp\/v2\/pages\/2228","targetHints":{"allow":["GET"]}}],"collection":[{"href":"https:\/\/www.gemzse.hu\/index.php?rest_route=\/wp\/v2\/pages"}],"about":[{"href":"https:\/\/www.gemzse.hu\/index.php?rest_route=\/wp\/v2\/types\/page"}],"author":[{"embeddable":true,"href":"https:\/\/www.gemzse.hu\/index.php?rest_route=\/wp\/v2\/users\/1"}],"replies":[{"embeddable":true,"href":"https:\/\/www.gemzse.hu\/index.php?rest_route=%2Fwp%2Fv2%2Fcomments&post=2228"}],"version-history":[{"count":1,"href":"https:\/\/www.gemzse.hu\/index.php?rest_route=\/wp\/v2\/pages\/2228\/revisions"}],"predecessor-version":[{"id":2229,"href":"https:\/\/www.gemzse.hu\/index.php?rest_route=\/wp\/v2\/pages\/2228\/revisions\/2229"}],"wp:attachment":[{"href":"https:\/\/www.gemzse.hu\/index.php?rest_route=%2Fwp%2Fv2%2Fmedia&parent=2228"}],"curies":[{"name":"wp","href":"https:\/\/api.w.org\/{rel}","templated":true}]}}